{"id":62014,"date":"2023-03-12T12:28:43","date_gmt":"2023-03-12T11:28:43","guid":{"rendered":"https:\/\/www.deos-ag.com\/?post_type=produkte&#038;p=62014"},"modified":"2026-05-11T11:41:42","modified_gmt":"2026-05-11T09:41:42","slug":"kompakter-lueftungsregler-corrigo","status":"publish","type":"produkte","link":"https:\/\/www.deos-ag.com\/de\/produkte\/kompaktregler\/kompakter-lueftungsregler-corrigo\/","title":{"rendered":"Kompakter L\u00fcftungsregler Corrigo"},"content":{"rendered":"<p>[et_pb_section fb_built=&#8220;1&#8243; module_id=&#8220;header_home&#8220; _builder_version=&#8220;4.19.4&#8243; _module_preset=&#8220;default&#8220; background_color=&#8220;RGBA(255,255,255,0)&#8220; custom_padding_phone=&#8220;70px||70px||true|false&#8220; custom_css_main_element=&#8220;display:flex;||flex-wrap: wrap;&#8220; locked=&#8220;off&#8220; global_colors_info=&#8220;{}&#8220; theme_builder_area=&#8220;post_content&#8220;][et_pb_row column_structure=&#8220;1_2,1_2&#8243; gutter_width=&#8220;4&#8243; make_equal=&#8220;on&#8220; _builder_version=&#8220;4.19.4&#8243; _module_preset=&#8220;default&#8220; custom_css_main_element=&#8220;display:flex;||align-items:center;&#8220; global_colors_info=&#8220;{}&#8220; custom_css_main_element_last_edited=&#8220;on|phone&#8220; custom_css_main_element_phone=&#8220;display:block;&#8220; custom_css_main_element_tablet=&#8220;display:flex;||align-items:center;&#8220; theme_builder_area=&#8220;post_content&#8220;][et_pb_column type=&#8220;1_2&#8243; _builder_version=&#8220;4.19.2&#8243; _module_preset=&#8220;default&#8220; custom_padding_tablet=&#8220;||30px||false|false&#8220; custom_padding_phone=&#8220;||30px||false|false&#8220; custom_padding_last_edited=&#8220;on|tablet&#8220; global_colors_info=&#8220;{}&#8220; theme_builder_area=&#8220;post_content&#8220;][et_pb_text _builder_version=&#8220;4.19.4&#8243; _module_preset=&#8220;default&#8220; global_colors_info=&#8220;{}&#8220; theme_builder_area=&#8220;post_content&#8220;]<\/p>\n<h1>Corrigo: Kompakter L\u00fcftungsregler<\/h1>\n<p>Der konfigurierbare und leistungsstarke L\u00fcftungsregler kann eigenst\u00e4ndig genutzt oder in ein SCADA-System integriert werden. Als einer der branchenweit vielseitigsten Regler besticht Corrigo mit zahlreichen Funktionen und erf\u00fcllt die Anforderungen der meisten L\u00fcftungsanlagen weltweit.<\/p>\n<p>[\/et_pb_text][\/et_pb_column][et_pb_column type=&#8220;1_2&#8243; _builder_version=&#8220;4.19.2&#8243; _module_preset=&#8220;default&#8220; custom_padding_tablet=&#8220;||30px||false|false&#8220; custom_padding_phone=&#8220;||30px||false|false&#8220; custom_padding_last_edited=&#8220;on|tablet&#8220; global_colors_info=&#8220;{}&#8220; theme_builder_area=&#8220;post_content&#8220;][et_pb_image src=&#8220;https:\/\/deos-ag.com\/wp-content\/uploads\/deos-ag-corrigo-corrigo_ardo_2.1.webp&#8220; title_text=&#8220;deos ag corrigo corrigo ardo 2.1&#8243; _builder_version=&#8220;4.19.4&#8243; _module_preset=&#8220;a183c46e-519b-43d3-9577-fb488f3b0a84&#8243; global_colors_info=&#8220;{}&#8220; theme_builder_area=&#8220;post_content&#8220;][\/et_pb_image][\/et_pb_column][\/et_pb_row][\/et_pb_section][et_pb_section fb_built=&#8220;1&#8243; _builder_version=&#8220;4.19.4&#8243; _module_preset=&#8220;default&#8220; background_color=&#8220;#F2F2F2&#8243; custom_padding_phone=&#8220;70px||70px||true|false&#8220; global_colors_info=&#8220;{}&#8220; theme_builder_area=&#8220;post_content&#8220;][et_pb_row custom_padding_last_edited=&#8220;off|phone&#8220; _builder_version=&#8220;4.19.4&#8243; _module_preset=&#8220;default&#8220; custom_margin=&#8220;||||false|false&#8220; custom_padding=&#8220;0px||50px||false|false&#8220; global_colors_info=&#8220;{}&#8220; theme_builder_area=&#8220;post_content&#8220;][et_pb_column type=&#8220;4_4&#8243; _builder_version=&#8220;4.19.4&#8243; _module_preset=&#8220;default&#8220; custom_padding=&#8220;||||false|false&#8220; global_colors_info=&#8220;{}&#8220; theme_builder_area=&#8220;post_content&#8220;][et_pb_text _builder_version=&#8220;4.19.4&#8243; _module_preset=&#8220;default&#8220; max_width=&#8220;445px&#8220; global_colors_info=&#8220;{}&#8220; theme_builder_area=&#8220;post_content&#8220;]<\/p>\n<h2>Produkthighlights<\/h2>\n<p>Mit dem kompakten L\u00fcftungsregler Corrigo profitieren Sie von zahlreichen Features und Vorteilen. Entdecken Sie diese jetzt.<\/p>\n<p>[\/et_pb_text][\/et_pb_column][\/et_pb_row][et_pb_row _builder_version=&#8220;4.19.4&#8243; _module_preset=&#8220;default&#8220; custom_margin=&#8220;||||false|false&#8220; global_colors_info=&#8220;{}&#8220; theme_builder_area=&#8220;post_content&#8220;][et_pb_column type=&#8220;4_4&#8243; _builder_version=&#8220;4.19.4&#8243; _module_preset=&#8220;default&#8220; global_colors_info=&#8220;{}&#8220; theme_builder_area=&#8220;post_content&#8220;][et_pb_dp_dmb_module_449 _builder_version=&#8220;4.19.4&#8243; _module_preset=&#8220;default&#8220; locked=&#8220;off&#8220; global_colors_info=&#8220;{}&#8220; theme_builder_area=&#8220;post_content&#8220;][et_pb_dp_dmb_module_449_item titel=&#8220; Einfache Installation&#8220; icon=&#8220;https:\/\/deos-ag.com\/wp-content\/uploads\/2023\/02\/deos-ag-icons-werkzeug-69.svg&#8220; _builder_version=&#8220;4.19.4&#8243; _module_preset=&#8220;default&#8220; global_colors_info=&#8220;{}&#8220; theme_builder_area=&#8220;post_content&#8220;]<\/p>\n<p>Einfache Installation und Inbetriebnahme durch intelligente Funktionen, wie z. B. die Klemmenerweiterung.<\/p>\n<p>[\/et_pb_dp_dmb_module_449_item][et_pb_dp_dmb_module_449_item titel=&#8220;Plug &#038; Play&#8220; icon=&#8220;https:\/\/deos-ag.com\/wp-content\/uploads\/2023\/02\/deos-ag-icons-stecker-83.svg&#8220; _builder_version=&#8220;4.19.4&#8243; _module_preset=&#8220;default&#8220; global_colors_info=&#8220;{}&#8220; theme_builder_area=&#8220;post_content&#8220;]<\/p>\n<p>\u00a0Vorbereitet f\u00fcr die Kommunikation mit BACnet- und Modbus-Ger\u00e4ten. Einfach ausw\u00e4hlen und verbinden.<\/p>\n<p>[\/et_pb_dp_dmb_module_449_item][et_pb_dp_dmb_module_449_item titel=&#8220;Schnelle Konfiguration&#8220; icon=&#8220;https:\/\/deos-ag.com\/wp-content\/uploads\/2023\/02\/deos-ag-icons-schnell-39.svg&#8220; _builder_version=&#8220;4.19.4&#8243; _module_preset=&#8220;default&#8220; global_colors_info=&#8220;{}&#8220; theme_builder_area=&#8220;post_content&#8220;]<\/p>\n<p>Nutzen Sie das Application tool oder die Web-Schnittstelle zur m\u00fchelosen Konfiguration \u00fcber vorinstallierte Anwendungen.<\/p>\n<p>[\/et_pb_dp_dmb_module_449_item][\/et_pb_dp_dmb_module_449][\/et_pb_column][\/et_pb_row][\/et_pb_section][et_pb_section fb_built=&#8220;1&#8243; _builder_version=&#8220;4.19.4&#8243; _module_preset=&#8220;default&#8220; background_color=&#8220;#FCFCFC&#8220; width=&#8220;100%&#8220; custom_padding_phone=&#8220;70px||70px||true|false&#8220; locked=&#8220;off&#8220; global_colors_info=&#8220;{}&#8220; theme_builder_area=&#8220;post_content&#8220;][et_pb_row module_class=&#8220;deos-row-default&#8220; _builder_version=&#8220;4.27.4&#8243; _module_preset=&#8220;default&#8220; custom_margin=&#8220;0px||0px||false|false&#8220; custom_padding_tablet=&#8220;0px||0px||true|false&#8220; custom_padding_phone=&#8220;0px||0px||true|false&#8220; global_colors_info=&#8220;{}&#8220; theme_builder_area=&#8220;post_content&#8220;][et_pb_column type=&#8220;4_4&#8243; _builder_version=&#8220;4.27.4&#8243; _module_preset=&#8220;default&#8220; custom_padding_tablet=&#8220;||30px||false|false&#8220; custom_padding_phone=&#8220;||30px||false|false&#8220; custom_padding_last_edited=&#8220;on|phone&#8220; global_colors_info=&#8220;{}&#8220; theme_builder_area=&#8220;post_content&#8220;][et_pb_text _builder_version=&#8220;4.27.4&#8243; _module_preset=&#8220;default&#8220; custom_margin=&#8220;0px||0px||false|false&#8220; custom_padding=&#8220;0px||0px||false|false&#8220; global_colors_info=&#8220;{}&#8220; theme_builder_area=&#8220;post_content&#8220;]<\/p>\n<h2>Corrigo \u2013 der smarte Grundpfeiler unseres L\u00fcftungskonzepts<\/h2>\n<p>[\/et_pb_text][\/et_pb_column][\/et_pb_row][et_pb_row module_class=&#8220;deos-row-default&#8220; _builder_version=&#8220;4.27.4&#8243; _module_preset=&#8220;default&#8220; custom_padding=&#8220;||||false|false&#8220; custom_padding_tablet=&#8220;0px||0px||true|false&#8220; custom_padding_phone=&#8220;||||true|false&#8220; global_colors_info=&#8220;{}&#8220; theme_builder_area=&#8220;post_content&#8220;][et_pb_column type=&#8220;4_4&#8243; _builder_version=&#8220;4.27.4&#8243; _module_preset=&#8220;default&#8220; custom_padding_tablet=&#8220;||30px||false|false&#8220; custom_padding_phone=&#8220;||0px||false|false&#8220; custom_padding_last_edited=&#8220;on|tablet&#8220; global_colors_info=&#8220;{}&#8220; theme_builder_area=&#8220;post_content&#8220;][et_pb_text _builder_version=&#8220;4.19.4&#8243; _module_preset=&#8220;c34d3f2b-a968-4fb7-8350-bb379fedd7b3&#8243; custom_margin=&#8220;||40px||false|false&#8220; custom_padding=&#8220;||||false|false&#8220; global_colors_info=&#8220;{}&#8220; theme_builder_area=&#8220;post_content&#8220;]<\/p>\n<p>Wir sind stolz darauf, einen der benutzerfreundlichsten und vielseitigsten Regler auf dem Markt zu pr\u00e4sentieren. Der neue leistungsstarke Corrigo 5.0 ist ein konfigurierbarer Regler f\u00fcr die L\u00fcftung, der eigenst\u00e4ndig oder in ein System integriert eingesetzt werden kann. Corrigo verf\u00fcgt \u00fcber viele Funktionen, die \u00fcber die integrierte HTML5 Web-Schnittstelle oder das Application Tool leicht zug\u00e4nglich sind.<\/p>\n<p>Wenn Sie sich f\u00fcr Corrigo entscheiden, k\u00f6nnen Sie eine komplette und energiesparende L\u00f6sung f\u00fcr die Regelung von L\u00fcftungsanwendungen in einem Geb\u00e4ude installieren. Er bietet alle wichtigen Funktionen in den Bereichen L\u00fcftung, Temperatur- und Feuchteregelung und Luftqualit\u00e4t. Alles mit dem Fokus, ein angenehmes Raumklima zu schaffen. Corrigo kann einfach an das Application Tool, eine PC-basierte Software mit voreingestellten Vorlagen und ein Tool, angeschlossen werden, mit dem sich alle Konfigurationen schnell und einfach ausf\u00fchren lassen.<\/p>\n<p>Der Regler ist f\u00fcr die Kommunikation mit bis zu 20 externen Ger\u00e4ten und eine schnelle und nahtlose Integration mit EC-Ventilatoren, Frequenzumrichtern und Klappenstellantrieben konfiguriert. Er verf\u00fcgt \u00fcber mehrere Kommunikationsschnittstellen und die M\u00f6glichkeit, verschiedene Arten von Erweiterungseinheiten anzuschlie\u00dfen. Einfach ausw\u00e4hlen und verbinden! Corrigo unterst\u00fctzt die Kommunikation \u00fcber Modbus, BACnet und EXOline.<\/p>\n<p>Als Grundpfeiler des L\u00fcftungskonzepts von Regin kann Corrigo mit einer Reihe von Displays, Drucktransmittern, Klappenstellantrieben und drahtlosen Sensoren erg\u00e4nzt werden, um f\u00fcr jedes Geb\u00e4ude eine perfekte L\u00fcftungsl\u00f6sung zu schaffen.<br \/>Corrigo 5.0 ist in zwei Hauptmodellen mit unterschiedlicher Versorgungsspannung erh\u00e4ltlich, Corrigo Ardo mit 24 V und Corrigo Vido mit 230 V. Corrigo Ardo gibt es in mehreren Versionen mit einer unterschiedlichen Anzahl von I\/O.<\/p>\n<p>[\/et_pb_text][et_pb_button button_url=&#8220;https:\/\/www.regincontrols.com\/de\/de\/produkte\/kompaktregler\/luftungsregler\/corrigo-ardo\/&#8220; button_text=&#8220;Zur Regin Produktseite&#8220; button_alignment=&#8220;left&#8220; _builder_version=&#8220;4.27.4&#8243; _module_preset=&#8220;default&#8220; global_colors_info=&#8220;{}&#8220; theme_builder_area=&#8220;post_content&#8220;][\/et_pb_button][\/et_pb_column][\/et_pb_row][\/et_pb_section][et_pb_section fb_built=&#8220;1&#8243; disabled_on=&#8220;off|off|off&#8220; _builder_version=&#8220;4.27.5&#8243; _module_preset=&#8220;default&#8220; background_color=&#8220;#F2F2F2&#8243; hover_enabled=&#8220;0&#8243; locked=&#8220;off&#8220; global_colors_info=&#8220;{}&#8220; theme_builder_area=&#8220;post_content&#8220; sticky_enabled=&#8220;0&#8243;][et_pb_row column_structure=&#8220;3_4,1_4&#8243; _builder_version=&#8220;4.27.5&#8243; _module_preset=&#8220;default&#8220; global_colors_info=&#8220;{}&#8220; theme_builder_area=&#8220;post_content&#8220;][et_pb_column type=&#8220;3_4&#8243; _builder_version=&#8220;4.27.5&#8243; _module_preset=&#8220;default&#8220; global_colors_info=&#8220;{}&#8220; theme_builder_area=&#8220;post_content&#8220;][et_pb_dp_dmb_module_449 _builder_version=&#8220;4.27.5&#8243; _module_preset=&#8220;default&#8220; hover_enabled=&#8220;0&#8243; global_colors_info=&#8220;{}&#8220; theme_builder_area=&#8220;post_content&#8220; sticky_enabled=&#8220;0&#8243;][et_pb_dp_dmb_module_449_item titel=&#8220;Fachlich gepr\u00fcft von:&#8220; icon=&#8220;https:\/\/deos-ag.com\/wp-content\/uploads\/2023\/02\/deos-ag-icons-checked-41.svg&#8220; link=&#8220;https:\/\/deos-ag.com\/unternehmen\/unsere-experten\/expertenprofil-andreas-voigt\/&#8220; btn_text=&#8220;Expertenprofil ansehen&#8220; text=&#8220;<br \/>\nAndreas Voigt, Experte f\u00fcr Raumautomation und Rauml\u00f6sungen bei der DEOS AG<\/p>\n<p>Schwerpunkte: Raumautomation, Kompaktregler, L\u00fcftungsregler, Raumregler&#8220; _builder_version=&#8220;4.27.5&#8243; _module_preset=&#8220;default&#8220; hover_enabled=&#8220;0&#8243; global_colors_info=&#8220;{}&#8220; theme_builder_area=&#8220;post_content&#8220; sticky_enabled=&#8220;0&#8243;][\/et_pb_dp_dmb_module_449_item][\/et_pb_dp_dmb_module_449][\/et_pb_column][et_pb_column type=&#8220;1_4&#8243; _builder_version=&#8220;4.27.5&#8243; _module_preset=&#8220;default&#8220; global_colors_info=&#8220;{}&#8220; theme_builder_area=&#8220;post_content&#8220;][et_pb_image src=&#8220;https:\/\/deos-ag.com\/wp-content\/uploads\/deos-ag-autorenprofile-Voigt_Andreas-1.jpg&#8220; title_text=&#8220;deos ag autorenprofile voigt andreas 1&#8243; _builder_version=&#8220;4.27.5&#8243; _module_preset=&#8220;a183c46e-519b-43d3-9577-fb488f3b0a84&#8243; custom_padding=&#8220;8px|||||&#8220; hover_enabled=&#8220;0&#8243; global_colors_info=&#8220;{}&#8220; theme_builder_area=&#8220;post_content&#8220; sticky_enabled=&#8220;0&#8243;][\/et_pb_image][\/et_pb_column][\/et_pb_row][\/et_pb_section][et_pb_section fb_built=&#8220;1&#8243; _builder_version=&#8220;4.27.5&#8243; _module_preset=&#8220;default&#8220; background_color=&#8220;#FCFCFC&#8220; hover_enabled=&#8220;0&#8243; locked=&#8220;off&#8220; global_colors_info=&#8220;{}&#8220; theme_builder_area=&#8220;post_content&#8220; sticky_enabled=&#8220;0&#8243;][et_pb_row _builder_version=&#8220;4.20.2&#8243; _module_preset=&#8220;default&#8220; global_colors_info=&#8220;{}&#8220; theme_builder_area=&#8220;post_content&#8220;][et_pb_column type=&#8220;4_4&#8243; _builder_version=&#8220;4.20.2&#8243; _module_preset=&#8220;default&#8220; global_colors_info=&#8220;{}&#8220; theme_builder_area=&#8220;post_content&#8220;][et_pb_dp_dmb_module_30335 formular=&#8220;63d208b9a5503&#8243; _builder_version=&#8220;4.25.1&#8243; _module_preset=&#8220;default&#8220; global_colors_info=&#8220;{}&#8220; theme_builder_area=&#8220;post_content&#8220;][\/et_pb_dp_dmb_module_30335][\/et_pb_column][\/et_pb_row][\/et_pb_section][et_pb_section fb_built=&#8220;1&#8243; module_class=&#8220;bg-white-grey&#8220; _builder_version=&#8220;4.27.5&#8243; _module_preset=&#8220;f6a70ecf-f5d4-4feb-8be9-3e5e9113fc29&#8243; hover_enabled=&#8220;0&#8243; locked=&#8220;off&#8220; global_colors_info=&#8220;{}&#8220; theme_builder_area=&#8220;post_content&#8220; sticky_enabled=&#8220;0&#8243;][et_pb_row column_structure=&#8220;3_4,1_4&#8243; module_class=&#8220;mega-button Kontaktformular&#8220; _builder_version=&#8220;4.19.4&#8243; _module_preset=&#8220;default&#8220; background_color=&#8220;#DD2038&#8243; background_enable_color=&#8220;on&#8220; transform_translate_linked=&#8220;off&#8220; positioning=&#8220;none&#8220; position_origin_a=&#8220;top_center&#8220; position_origin_r=&#8220;bottom_right&#8220; custom_margin=&#8220;||||false|false&#8220; custom_margin_tablet=&#8220;||||false|false&#8220; custom_margin_phone=&#8220;||||false|false&#8220; custom_margin_last_edited=&#8220;on|phone&#8220; custom_padding=&#8220;50px|50px|50px|50px|true|true&#8220; custom_padding_tablet=&#8220;||||true|false&#8220; custom_padding_phone=&#8220;||||true|false&#8220; custom_css_main_element=&#8220;display:flex;||align-items: center;||&#8220; border_radii=&#8220;on|10px|10px|10px|10px&#8220; box_shadow_style=&#8220;preset1&#8243; box_shadow_horizontal=&#8220;2px&#8220; box_shadow_blur=&#8220;8px&#8220; box_shadow_color=&#8220;rgba(64,64,64,0.16)&#8220; global_colors_info=&#8220;{}&#8220; transform_styles__hover_enabled=&#8220;on|hover&#8220; transform_scale__hover_enabled=&#8220;on|hover&#8220; transform_translate__hover_enabled=&#8220;on|desktop&#8220; transform_rotate__hover_enabled=&#8220;on|desktop&#8220; transform_skew__hover_enabled=&#8220;on|desktop&#8220; transform_origin__hover_enabled=&#8220;on|desktop&#8220; background__hover_enabled=&#8220;on|hover&#8220; background_color__hover=&#8220;#b11a2d&#8220; background_enable_color__hover=&#8220;on&#8220; box_shadow_horizontal__hover_enabled=&#8220;on|desktop&#8220; box_shadow_blur__hover_enabled=&#8220;on|hover&#8220; box_shadow_blur__hover=&#8220;12px&#8220; box_shadow_color__hover_enabled=&#8220;on|hover&#8220; box_shadow_color__hover=&#8220;rgba(64,64,64,0.26)&#8220; box_shadow_horizontal__hover=&#8220;2px&#8220; width__hover_enabled=&#8220;on&#8220; width__hover=&#8220;100%&#8220; transform_scale__hover=&#8220;103%|103%&#8220; theme_builder_area=&#8220;post_content&#8220;][et_pb_column type=&#8220;3_4&#8243; _builder_version=&#8220;4.19.2&#8243; _module_preset=&#8220;default&#8220; global_colors_info=&#8220;{}&#8220; theme_builder_area=&#8220;post_content&#8220;][et_pb_dp_dmb_module_30335 formular=&#8220;63d208b9a5503&#8243; id_button=&#8220;Kontaktformular&#8220; _builder_version=&#8220;4.25.1&#8243; _module_preset=&#8220;default&#8220; locked=&#8220;off&#8220; global_colors_info=&#8220;{}&#8220; theme_builder_area=&#8220;post_content&#8220;][\/et_pb_dp_dmb_module_30335][et_pb_text _builder_version=&#8220;4.27.4&#8243; _module_preset=&#8220;default&#8220; text_text_color=&#8220;#FFFFFF&#8220; custom_padding_tablet=&#8220;||15px||false|false&#8220; custom_padding_phone=&#8220;20px||15px||false|false&#8220; custom_padding_last_edited=&#8220;on|tablet&#8220; text_orientation_tablet=&#8220;&#8220; text_orientation_phone=&#8220;center&#8220; text_orientation_last_edited=&#8220;on|phone&#8220; global_colors_info=&#8220;{}&#8220; theme_builder_area=&#8220;post_content&#8220;]<\/p>\n<p>Interesse geweckt?<\/p>\n<p>[\/et_pb_text][et_pb_text _builder_version=&#8220;4.19.2&#8243; _module_preset=&#8220;default&#8220; header_2_text_color=&#8220;#FFFFFF&#8220; max_width=&#8220;500px&#8220; header_2_text_align_tablet=&#8220;&#8220; header_2_text_align_phone=&#8220;center&#8220; header_2_text_align_last_edited=&#8220;on|phone&#8220; global_colors_info=&#8220;{}&#8220; theme_builder_area=&#8220;post_content&#8220;]<\/p>\n<h2>Dann kontaktieren Sie uns! Wir helfen Ihnen weiter.<\/h2>\n<p>[\/et_pb_text][et_pb_image src=&#8220;https:\/\/deos-ag.com\/wp-content\/uploads\/2022\/12\/mega-button-arrow.svg&#8220; title_text=&#8220;mega-button-arrow&#8220; align=&#8220;center&#8220; disabled_on=&#8220;off|on|on&#8220; _builder_version=&#8220;4.19.2&#8243; _module_preset=&#8220;default&#8220; max_width=&#8220;55px&#8220; custom_padding=&#8220;||||false|false&#8220; custom_padding_tablet=&#8220;||||false|false&#8220; custom_padding_phone=&#8220;30px||||false|false&#8220; custom_padding_last_edited=&#8220;on|phone&#8220; global_colors_info=&#8220;{}&#8220; theme_builder_area=&#8220;post_content&#8220;][\/et_pb_image][\/et_pb_column][et_pb_column type=&#8220;1_4&#8243; module_class=&#8220;mega-button-arrow-col&#8220; disabled_on=&#8220;on|off|off&#8220; _builder_version=&#8220;4.19.2&#8243; _module_preset=&#8220;default&#8220; global_colors_info=&#8220;{}&#8220; theme_builder_area=&#8220;post_content&#8220;][et_pb_image src=&#8220;https:\/\/deos-ag.com\/wp-content\/uploads\/2022\/12\/chevron-right-solid.svg&#8220; title_text=&#8220;chevron-right-solid&#8220; align=&#8220;right&#8220; disabled_on=&#8220;on|off|off&#8220; module_class=&#8220;mega-button-arrow&#8220; _builder_version=&#8220;4.19.2&#8243; _module_preset=&#8220;default&#8220; height=&#8220;28px&#8220; max_height=&#8220;28px&#8220; global_colors_info=&#8220;{}&#8220; custom_css_after__hover_enabled=&#8220;on|desktop&#8220; theme_builder_area=&#8220;post_content&#8220;][\/et_pb_image][\/et_pb_column][\/et_pb_row][\/et_pb_section][et_pb_section fb_built=&#8220;1&#8243; _builder_version=&#8220;4.27.5&#8243; _module_preset=&#8220;default&#8220; background_color=&#8220;#F2F2F2&#8243; custom_padding=&#8220;100px||100px||false|false&#8220; custom_padding_tablet=&#8220;0px||85px||false|false&#8220; custom_padding_phone=&#8220;0px||70px||false|false&#8220; hover_enabled=&#8220;0&#8243; global_colors_info=&#8220;{}&#8220; theme_builder_area=&#8220;post_content&#8220; sticky_enabled=&#8220;0&#8243;][et_pb_row _builder_version=&#8220;4.19.4&#8243; _module_preset=&#8220;default&#8220; custom_margin=&#8220;||50px||false|false&#8220; global_colors_info=&#8220;{}&#8220; theme_builder_area=&#8220;post_content&#8220;][et_pb_column type=&#8220;4_4&#8243; _builder_version=&#8220;4.19.4&#8243; _module_preset=&#8220;default&#8220; global_colors_info=&#8220;{}&#8220; theme_builder_area=&#8220;post_content&#8220;][et_pb_text _builder_version=&#8220;4.27.4&#8243; _module_preset=&#8220;default&#8220; header_2_text_align=&#8220;left&#8220; global_colors_info=&#8220;{}&#8220; theme_builder_area=&#8220;post_content&#8220;]<\/p>\n<h2>Downloads:<\/h2>\n<p>[\/et_pb_text][\/et_pb_column][\/et_pb_row][et_pb_row _builder_version=&#8220;4.19.4&#8243; _module_preset=&#8220;default&#8220; min_height=&#8220;81px&#8220; custom_padding=&#8220;||||false|false&#8220; custom_padding_tablet=&#8220;||40px||false|false&#8220; custom_padding_phone=&#8220;||30px||false|false&#8220; locked=&#8220;off&#8220; global_colors_info=&#8220;{}&#8220; theme_builder_area=&#8220;post_content&#8220;][et_pb_column type=&#8220;4_4&#8243; _builder_version=&#8220;4.19.2&#8243; _module_preset=&#8220;default&#8220; global_colors_info=&#8220;{}&#8220; theme_builder_area=&#8220;post_content&#8220;][et_pb_code _builder_version=&#8220;4.19.4&#8243; _module_preset=&#8220;default&#8220; global_colors_info=&#8220;{}&#8220; theme_builder_area=&#8220;post_content&#8220;]<div class=\"download-card-wrapper\"><a href=\"https:\/\/www.deos-ag.com\/wp-content\/uploads\/deos-ag-broschueren-ventilation_concept_de_2.1.pdf\" target=\"_blank\"><div class=\"download-card\"><div class=\"download-card-title\"><p class=\"headlineH4\">Brosch\u00fcre L\u00fcftungskonzept mit dem Corrigo<\/p><p class=\"download-card-meta-mobile\">PDF, 5 MB<\/p><\/div><div class=\"download-card-meta\"><div class=\"download-card-date\">PDF<\/div><div class=\"download-card-size\">5 MB<\/div><div class=\"download-card-button\"><span>Download <\/span><svg xmlns=\"http:\/\/www.w3.org\/2000\/svg\" width=\"17\" height=\"17\" viewBox=\"0 0 20 20.5\" style=\"margin-bottom:-2px;\"><path id=\"download\" d=\"M3,15v4a2.006,2.006,0,0,0,2,2H19a2,2,0,0,0,2-2V15M17,9l-5,5L7,9m5,3.8V2.5\" transform=\"translate(-2 -1.5)\" fill=\"none\" stroke=\"#fcfcfc\" stroke-linecap=\"round\" stroke-linejoin=\"round\" stroke-width=\"2\"\/><\/svg><\/div><\/div><\/div><\/a><\/div>[\/et_pb_code][\/et_pb_column][\/et_pb_row][\/et_pb_section][et_pb_section fb_built=&#8220;1&#8243; module_id=&#8220;link-slider&#8220; _builder_version=&#8220;4.27.5&#8243; _module_preset=&#8220;default&#8220; background_color=&#8220;#FCFCFC&#8220; width=&#8220;100%&#8220; custom_padding_phone=&#8220;70px||70px||true|false&#8220; hover_enabled=&#8220;0&#8243; locked=&#8220;off&#8220; global_colors_info=&#8220;{}&#8220; theme_builder_area=&#8220;post_content&#8220; sticky_enabled=&#8220;0&#8243;][et_pb_row column_structure=&#8220;1_2,1_2&#8243; make_equal=&#8220;on&#8220; _builder_version=&#8220;4.19.4&#8243; _module_preset=&#8220;default&#8220; custom_padding=&#8220;0px||50px||false|false&#8220; custom_padding_tablet=&#8220;||40px||false|false&#8220; custom_padding_phone=&#8220;||30px||false|false&#8220; custom_css_main_element=&#8220;align-items: center;&#8220; locked=&#8220;off&#8220; global_colors_info=&#8220;{}&#8220; theme_builder_area=&#8220;post_content&#8220;][et_pb_column type=&#8220;1_2&#8243; _builder_version=&#8220;4.19.4&#8243; _module_preset=&#8220;default&#8220; global_colors_info=&#8220;{}&#8220; theme_builder_area=&#8220;post_content&#8220;][et_pb_text _builder_version=&#8220;4.19.4&#8243; _module_preset=&#8220;default&#8220; global_colors_info=&#8220;{}&#8220; theme_builder_area=&#8220;post_content&#8220;]<\/p>\n<h2>Unsere Referenzen<\/h2>\n<p>[\/et_pb_text][\/et_pb_column][et_pb_column type=&#8220;1_2&#8243; _builder_version=&#8220;4.19.4&#8243; _module_preset=&#8220;default&#8220; global_colors_info=&#8220;{}&#8220; theme_builder_area=&#8220;post_content&#8220;][et_pb_button button_url=&#8220;\/de\/referenzen\/&#8220; button_text=&#8220;Alle Referenzen&#8220; button_alignment=&#8220;left&#8220; _builder_version=&#8220;4.27.4&#8243; _module_preset=&#8220;1bb0de9c-8209-4e8a-8fb4-ca28952846a1&#8243; global_colors_info=&#8220;{}&#8220; theme_builder_area=&#8220;post_content&#8220;][\/et_pb_button][\/et_pb_column][\/et_pb_row][et_pb_row _builder_version=&#8220;4.19.4&#8243; _module_preset=&#8220;default&#8220; locked=&#8220;off&#8220; global_colors_info=&#8220;{}&#8220; theme_builder_area=&#8220;post_content&#8220;][et_pb_column type=&#8220;4_4&#8243; _builder_version=&#8220;4.19.4&#8243; _module_preset=&#8220;default&#8220; global_colors_info=&#8220;{}&#8220; theme_builder_area=&#8220;post_content&#8220;][et_pb_code _builder_version=&#8220;4.19.4&#8243; _module_preset=&#8220;default&#8220; global_colors_info=&#8220;{}&#8220; theme_builder_area=&#8220;post_content&#8220;]<div class=\"splide  deos-carousel-slider deos-carousel-slider-referenzen deos-carousel-slider-compact\" role=\"group\" aria-label=\"\" data-splide='{\"perPage\":\"4\",\"breakpoints\": { \"980\": { \"perPage\": \"3\" },\"767\":{ \"perPage\": \"1\" }},\"gap\":\"30px\",\"perMove\":\"1\",\"pagination\":false }'>\n  <div class=\"splide__track\">\n\t\t<ul class=\"splide__list\"><li class=\"splide__slide\"><a href=\"https:\/\/www.deos-ag.com\/de\/referenzen\/stadt-geldern\/\"><div class=\"deos-carousel-slider-overlay\"><\/div><img data-new-title=\"\" data-new-title=\"\" decoding=\"async\" src=\"https:\/\/www.deos-ag.com\/wp-content\/uploads\/deos-ag-uncategorized-AdobeStock_218277051-300x200.jpeg.webp\" ><div class=\"slider-referenzen-content\"><div class=\"slider-referenzen-titel\"><p class=\"headlineH4 slider-referenzen-titel-inner\">Adelheid-Grundschule Geldern M\u00fcnchen<\/p><\/div><p class=\"slider-referenzen-caption\">Bildungseinrichtung, Staatliche Einrichtung<\/p><\/div><\/a><\/li><li class=\"splide__slide\"><a href=\"https:\/\/www.deos-ag.com\/de\/referenzen\/wohnhaus-avida-tower-verta\/\"><div class=\"deos-carousel-slider-overlay\"><\/div><img data-new-title=\"\" data-new-title=\"\" decoding=\"async\" src=\"https:\/\/www.deos-ag.com\/wp-content\/uploads\/deos-ag-referenzen-AdobeStock_1919280299-300x168.jpeg.webp\" ><div class=\"slider-referenzen-content\"><div class=\"slider-referenzen-titel\"><p class=\"headlineH4 slider-referenzen-titel-inner\">Wohnhaus Avida Tower Verta<\/p><\/div><p class=\"slider-referenzen-caption\">Sonstige<\/p><\/div><\/a><\/li><li class=\"splide__slide\"><a href=\"https:\/\/www.deos-ag.com\/de\/referenzen\/ergo-lebensversicherung-ag\/\"><div class=\"deos-carousel-slider-overlay\"><\/div><img data-new-title=\"\" data-new-title=\"\" decoding=\"async\" src=\"https:\/\/www.deos-ag.com\/wp-content\/uploads\/deos-ag-referenzen-modern-office-building-with-white-metallic-panel-facade-windows-1-300x200.jpg.webp\" ><div class=\"slider-referenzen-content\"><div class=\"slider-referenzen-titel\"><p class=\"headlineH4 slider-referenzen-titel-inner\">ERGO Lebensversicherung AG<\/p><\/div><p class=\"slider-referenzen-caption\">B\u00fcro, Gesundheitswesen<\/p><\/div><\/a><\/li><li class=\"splide__slide\"><a href=\"https:\/\/www.deos-ag.com\/de\/referenzen\/landtag-rheinland-pfalz\/\"><div class=\"deos-carousel-slider-overlay\"><\/div><img data-new-title=\"\" data-new-title=\"\" decoding=\"async\" src=\"https:\/\/www.deos-ag.com\/wp-content\/uploads\/deos-ag-referenzen-AdobeStock_607430561-300x200.jpeg.webp\" ><div class=\"slider-referenzen-content\"><div class=\"slider-referenzen-titel\"><p class=\"headlineH4 slider-referenzen-titel-inner\">Landtag Rheinland-Pfalz<\/p><\/div><p class=\"slider-referenzen-caption\">Staatliche Einrichtung<\/p><\/div><\/a><\/li><li class=\"splide__slide\"><a href=\"https:\/\/www.deos-ag.com\/de\/referenzen\/alfred-brehm-haus-tierpark-berlin\/\"><div class=\"deos-carousel-slider-overlay\"><\/div><img data-new-title=\"\" data-new-title=\"\" decoding=\"async\" src=\"https:\/\/www.deos-ag.com\/wp-content\/uploads\/deos-ag-uncategorized-AdobeStock_1573253440-300x150.jpeg.webp\" ><div class=\"slider-referenzen-content\"><div class=\"slider-referenzen-titel\"><p class=\"headlineH4 slider-referenzen-titel-inner\">Alfred-Brehm-Haus Tierpark Berlin<\/p><\/div><p class=\"slider-referenzen-caption\">Sonstige<\/p><\/div><\/a><\/li><li class=\"splide__slide\"><a href=\"https:\/\/www.deos-ag.com\/de\/referenzen\/porsche-classic-center\/\"><div class=\"deos-carousel-slider-overlay\"><\/div><img data-new-title=\"\" data-new-title=\"\" decoding=\"async\" src=\"https:\/\/www.deos-ag.com\/wp-content\/uploads\/deos-ag-uncategorized-AdobeStock_728501694-300x168.jpeg.webp\" ><div class=\"slider-referenzen-content\"><div class=\"slider-referenzen-titel\"><p class=\"headlineH4 slider-referenzen-titel-inner\">Porsche Classic Center<\/p><\/div><p class=\"slider-referenzen-caption\">Kulturelle Einrichtung<\/p><\/div><\/a><\/li><li class=\"splide__slide\"><a href=\"https:\/\/www.deos-ag.com\/de\/referenzen\/gebaeude-der-gesellschaft-fuer-energie-und-gebaeudemanagement-bonn-mbh\/\"><div class=\"deos-carousel-slider-overlay\"><\/div><img data-new-title=\"\" data-new-title=\"\" decoding=\"async\" src=\"https:\/\/www.deos-ag.com\/wp-content\/uploads\/deos-ag-uncategorized-shutterstock_97066739-300x199.jpg.webp\" ><div class=\"slider-referenzen-content\"><div class=\"slider-referenzen-titel\"><p class=\"headlineH4 slider-referenzen-titel-inner\">Geb\u00e4ude der Gesellschaft f\u00fcr Energie- und Geb\u00e4udemanagement Bonn mbH<\/p><\/div><p class=\"slider-referenzen-caption\">B\u00fcro, Industrie<\/p><\/div><\/a><\/li><li class=\"splide__slide\"><a href=\"https:\/\/www.deos-ag.com\/de\/referenzen\/hochhauskomplex-landmark-81\/\"><div class=\"deos-carousel-slider-overlay\"><\/div><img data-new-title=\"\" data-new-title=\"\" decoding=\"async\" src=\"https:\/\/www.deos-ag.com\/wp-content\/uploads\/deos-ag-uncategorized-AdobeStock_370712413-300x200.jpeg.webp\" ><div class=\"slider-referenzen-content\"><div class=\"slider-referenzen-titel\"><p class=\"headlineH4 slider-referenzen-titel-inner\">Hochhauskomplex Landmark 81<\/p><\/div><p class=\"slider-referenzen-caption\">B\u00fcro, Hotel<\/p><\/div><\/a><\/li><li class=\"splide__slide\"><a href=\"https:\/\/www.deos-ag.com\/de\/referenzen\/neue-balan-schneller-ddc-io-hardwareumbau-von-trend-zur-deos-mit-neuem-di16-g-io-modul\/\"><div class=\"deos-carousel-slider-overlay\"><\/div><img data-new-title=\"\" data-new-title=\"\" decoding=\"async\" src=\"https:\/\/www.deos-ag.com\/wp-content\/uploads\/deos-ag-uncategorized-AdobeStock_991264432-300x168.jpeg.webp\" ><div class=\"slider-referenzen-content\"><div class=\"slider-referenzen-titel\"><p class=\"headlineH4 slider-referenzen-titel-inner\">neue balan &#8211; Campus der Ideen M\u00fcnchen<\/p><\/div><p class=\"slider-referenzen-caption\">B\u00fcro<\/p><\/div><\/a><\/li><li class=\"splide__slide\"><a href=\"https:\/\/www.deos-ag.com\/de\/referenzen\/relius-farbenwerke-gmbh\/\"><div class=\"deos-carousel-slider-overlay\"><\/div><img data-new-title=\"\" data-new-title=\"\" decoding=\"async\" src=\"https:\/\/www.deos-ag.com\/wp-content\/uploads\/deos-ag-referenzen-Unbenannt-e1771263983471-300x175.png\" ><div class=\"slider-referenzen-content\"><div class=\"slider-referenzen-titel\"><p class=\"headlineH4 slider-referenzen-titel-inner\">RELIUS Farbenwerke GmbH<\/p><\/div><p class=\"slider-referenzen-caption\">Industrie<\/p><\/div><\/a><\/li><li class=\"splide__slide\"><a href=\"https:\/\/www.deos-ag.com\/de\/referenzen\/polizeidirektion-2\/\"><div class=\"deos-carousel-slider-overlay\"><\/div><img data-new-title=\"\" data-new-title=\"\" decoding=\"async\" src=\"https:\/\/www.deos-ag.com\/wp-content\/uploads\/deos-ag-referenzen-AdobeStock_1671454987-300x163.jpeg.webp\" ><div class=\"slider-referenzen-content\"><div class=\"slider-referenzen-titel\"><p class=\"headlineH4 slider-referenzen-titel-inner\">Polizeiakademie Spandau<\/p><\/div><p class=\"slider-referenzen-caption\">Staatliche Einrichtung, B\u00fcro<\/p><\/div><\/a><\/li><li class=\"splide__slide\"><a href=\"https:\/\/www.deos-ag.com\/de\/referenzen\/nur-zwei-umbautagen-grundschule-spart-deutlich-heizkosten\/\"><div class=\"deos-carousel-slider-overlay\"><\/div><img data-new-title=\"\" data-new-title=\"\" decoding=\"async\" src=\"https:\/\/www.deos-ag.com\/wp-content\/uploads\/deos-ag-referenzen-neue_Schule-300x136.jpg.webp\" ><div class=\"slider-referenzen-content\"><div class=\"slider-referenzen-titel\"><p class=\"headlineH4 slider-referenzen-titel-inner\">Meinloh-Grundschule Ulm<\/p><\/div><p class=\"slider-referenzen-caption\">Bildungseinrichtung<\/p><\/div><\/a><\/li><li class=\"splide__slide\"><a href=\"https:\/\/www.deos-ag.com\/de\/referenzen\/kirchengemeinde-st-mariae-himmelfahrt\/\"><div class=\"deos-carousel-slider-overlay\"><\/div><img data-new-title=\"\" data-new-title=\"\" decoding=\"async\" src=\"https:\/\/www.deos-ag.com\/wp-content\/uploads\/deos-ag-referenzen-AdobeStock_297780357-300x200.jpeg.webp\" ><div class=\"slider-referenzen-content\"><div class=\"slider-referenzen-titel\"><p class=\"headlineH4 slider-referenzen-titel-inner\">Kirchengemeinde St. Mari\u00e4 Himmelfahrt<\/p><\/div><p class=\"slider-referenzen-caption\">Sonstige<\/p><\/div><\/a><\/li><li class=\"splide__slide\"><a href=\"https:\/\/www.deos-ag.com\/de\/referenzen\/stiftung-baerenherz\/\"><div class=\"deos-carousel-slider-overlay\"><\/div><img data-new-title=\"\" data-new-title=\"\" decoding=\"async\" src=\"https:\/\/www.deos-ag.com\/wp-content\/uploads\/deos-ag-news-IMG_8966-1-300x225.jpg.webp\" ><div class=\"slider-referenzen-content\"><div class=\"slider-referenzen-titel\"><p class=\"headlineH4 slider-referenzen-titel-inner\">Stiftung B\u00e4renherz<\/p><\/div><p class=\"slider-referenzen-caption\">Sonstige<\/p><\/div><\/a><\/li><li class=\"splide__slide\"><a href=\"https:\/\/www.deos-ag.com\/de\/referenzen\/flughafen-tower-frankfurt-a-m\/\"><div class=\"deos-carousel-slider-overlay\"><\/div><img data-new-title=\"\" data-new-title=\"\" decoding=\"async\" src=\"https:\/\/www.deos-ag.com\/wp-content\/uploads\/deos-ag-referenzen-airport-control-tower-amsterdam-300x200.jpg.webp\" ><div class=\"slider-referenzen-content\"><div class=\"slider-referenzen-titel\"><p class=\"headlineH4 slider-referenzen-titel-inner\">Flughafen Tower Frankfurt a. M.<\/p><\/div><p class=\"slider-referenzen-caption\">Flugh\u00e4fen & Verkehrswesen<\/p><\/div><\/a><\/li><li class=\"splide__slide\"><a href=\"https:\/\/www.deos-ag.com\/de\/referenzen\/lebensmittelgrosshandel-stci\/\"><div class=\"deos-carousel-slider-overlay\"><\/div><img data-new-title=\"\" data-new-title=\"\" decoding=\"async\" src=\"https:\/\/www.deos-ag.com\/wp-content\/uploads\/deos-ag-referenzen-AdobeStock_1779705742-300x120.jpeg.webp\" ><div class=\"slider-referenzen-content\"><div class=\"slider-referenzen-titel\"><p class=\"headlineH4 slider-referenzen-titel-inner\">Lebensmittelgro\u00dfhandel STCI<\/p><\/div><p class=\"slider-referenzen-caption\">Industrie, Einzelhandel<\/p><\/div><\/a><\/li><li class=\"splide__slide\"><a href=\"https:\/\/www.deos-ag.com\/de\/referenzen\/hells-ferienresort\/\"><div class=\"deos-carousel-slider-overlay\"><\/div><img data-new-title=\"\" data-new-title=\"\" decoding=\"async\" src=\"https:\/\/www.deos-ag.com\/wp-content\/uploads\/deos-ag-referenzen-hotel-300x200.jpg.webp\" ><div class=\"slider-referenzen-content\"><div class=\"slider-referenzen-titel\"><p class=\"headlineH4 slider-referenzen-titel-inner\">Hells Ferienresort<\/p><\/div><p class=\"slider-referenzen-caption\">Sport & Unterhaltung<\/p><\/div><\/a><\/li><li class=\"splide__slide\"><a href=\"https:\/\/www.deos-ag.com\/de\/referenzen\/semperoper-dresden\/\"><div class=\"deos-carousel-slider-overlay\"><\/div><img data-new-title=\"\" data-new-title=\"\" decoding=\"async\" src=\"https:\/\/www.deos-ag.com\/wp-content\/uploads\/deos-ag-referenzen-detailed-view-semperoper-opera-house-facade-dresden-300x200.jpg.webp\" ><div class=\"slider-referenzen-content\"><div class=\"slider-referenzen-titel\"><p class=\"headlineH4 slider-referenzen-titel-inner\">Semperoper Dresden<\/p><\/div><p class=\"slider-referenzen-caption\">Sport & Unterhaltung, Kulturelle Einrichtung<\/p><\/div><\/a><\/li><li class=\"splide__slide\"><a href=\"https:\/\/www.deos-ag.com\/de\/referenzen\/wohnsiedlung-schoenheim\/\"><div class=\"deos-carousel-slider-overlay\"><\/div><img data-new-title=\"\" data-new-title=\"\" decoding=\"async\" src=\"https:\/\/www.deos-ag.com\/wp-content\/uploads\/deos-ag-referenzen-AdobeStock_214142861-300x200.jpeg.webp\" ><div class=\"slider-referenzen-content\"><div class=\"slider-referenzen-titel\"><p class=\"headlineH4 slider-referenzen-titel-inner\">Wohnsiedlung Sch\u00f6nheim<\/p><\/div><p class=\"slider-referenzen-caption\">Sonstige<\/p><\/div><\/a><\/li><li class=\"splide__slide\"><a href=\"https:\/\/www.deos-ag.com\/de\/referenzen\/badewelt-frauenfeld\/\"><div class=\"deos-carousel-slider-overlay\"><\/div><img data-new-title=\"\" data-new-title=\"\" decoding=\"async\" src=\"https:\/\/www.deos-ag.com\/wp-content\/uploads\/deos-ag-referenzen-indoor-swimming-pool-with-multiple-lanes-200x300.jpg.webp\" ><div class=\"slider-referenzen-content\"><div class=\"slider-referenzen-titel\"><p class=\"headlineH4 slider-referenzen-titel-inner\">Badewelt Frauenfeld<\/p><\/div><p class=\"slider-referenzen-caption\">Sport & Unterhaltung<\/p><\/div><\/a><\/li><li class=\"splide__slide\"><a href=\"https:\/\/www.deos-ag.com\/de\/referenzen\/tuev-nord\/\"><div class=\"deos-carousel-slider-overlay\"><\/div><img data-new-title=\"\" data-new-title=\"\" decoding=\"async\" src=\"https:\/\/www.deos-ag.com\/wp-content\/uploads\/deos-ag-referenzen-AdobeStock_334560495-300x169.jpeg.webp\" ><div class=\"slider-referenzen-content\"><div class=\"slider-referenzen-titel\"><p class=\"headlineH4 slider-referenzen-titel-inner\">T\u00dcV NORD GROUP<\/p><\/div><p class=\"slider-referenzen-caption\">B\u00fcro, Bildungseinrichtung<\/p><\/div><\/a><\/li><li class=\"splide__slide\"><a href=\"https:\/\/www.deos-ag.com\/de\/referenzen\/fraunhofer-gesellschaft-alzenau\/\"><div class=\"deos-carousel-slider-overlay\"><\/div><img data-new-title=\"\" data-new-title=\"\" decoding=\"async\" src=\"https:\/\/www.deos-ag.com\/wp-content\/uploads\/deos-ag-referenzen-shutterstock_476750572-300x207.jpg.webp\" ><div class=\"slider-referenzen-content\"><div class=\"slider-referenzen-titel\"><p class=\"headlineH4 slider-referenzen-titel-inner\">Fraunhofer Gesellschaft in Alzenau<\/p><\/div><p class=\"slider-referenzen-caption\">B\u00fcro<\/p><\/div><\/a><\/li><li class=\"splide__slide\"><a href=\"https:\/\/www.deos-ag.com\/de\/referenzen\/stadt-sindelfingen\/\"><div class=\"deos-carousel-slider-overlay\"><\/div><img data-new-title=\"\" data-new-title=\"\" decoding=\"async\" src=\"https:\/\/www.deos-ag.com\/wp-content\/uploads\/deos-ag-referenzen-stadt_sindefingen-300x201.jpg.webp\" ><div class=\"slider-referenzen-content\"><div class=\"slider-referenzen-titel\"><p class=\"headlineH4 slider-referenzen-titel-inner\">Stadt Sindelfingen<\/p><\/div><p class=\"slider-referenzen-caption\">Staatliche Einrichtung, Sonstige, Bildungseinrichtung<\/p><\/div><\/a><\/li><li class=\"splide__slide\"><a href=\"https:\/\/www.deos-ag.com\/de\/referenzen\/theater-neue-flora\/\"><div class=\"deos-carousel-slider-overlay\"><\/div><img data-new-title=\"\" data-new-title=\"\" decoding=\"async\" src=\"https:\/\/www.deos-ag.com\/wp-content\/uploads\/deos-ag-uncategorized-shutterstock_100833907-300x200.jpg.webp\" ><div class=\"slider-referenzen-content\"><div class=\"slider-referenzen-titel\"><p class=\"headlineH4 slider-referenzen-titel-inner\">Theater Neue Flora<\/p><\/div><p class=\"slider-referenzen-caption\">Kulturelle Einrichtung<\/p><\/div><\/a><\/li><li class=\"splide__slide\"><a href=\"https:\/\/www.deos-ag.com\/de\/referenzen\/deos-energiemonitoring-in-der-cloud-inkl-bacnet-anbindung-von-kiebackpeter\/\"><div class=\"deos-carousel-slider-overlay\"><\/div><img data-new-title=\"\" data-new-title=\"\" decoding=\"async\" src=\"https:\/\/www.deos-ag.com\/wp-content\/uploads\/deos-ag-uncategorized-AdobeStock_1580390-300x200.jpeg.webp\" ><div class=\"slider-referenzen-content\"><div class=\"slider-referenzen-titel\"><p class=\"headlineH4 slider-referenzen-titel-inner\">Einkaufszentrum Wiesbaden<\/p><\/div><p class=\"slider-referenzen-caption\">Einzelhandel<\/p><\/div><\/a><\/li>\n<\/ul>\n  <\/div>\n<div class=\"splide__arrows\">\n\t\t<button class=\"splide__arrow splide__arrow--prev\">\n<svg xmlns=\"http:\/\/www.w3.org\/2000\/svg\" width=\"6.121\" height=\"9.414\" viewBox=\"0 0 6.121 9.414\">\n  <path id=\"Line\" d=\"M8,0,4,4,0,0\" transform=\"translate(5.414 0.707) rotate(90)\" fill=\"none\" stroke=\"#fff\" stroke-miterlimit=\"10\" stroke-width=\"2\"\/>\n<\/svg>\n\n<\/button>\n<button class=\"splide__arrow splide__arrow--next\"><svg xmlns=\"http:\/\/www.w3.org\/2000\/svg\" width=\"6.121\" height=\"9.414\" viewBox=\"0 0 6.121 9.414\"><path id=\"Line\" d=\"M8,0,4,4,2,2,0,0\" transform=\"translate(0.707 8.707) rotate(-90)\" fill=\"none\" stroke=\"#fff\" stroke-miterlimit=\"10\" stroke-width=\"2\"\/>\n<\/svg><\/button>\n  <\/div>\n<\/div>[\/et_pb_code][\/et_pb_column][\/et_pb_row][\/et_pb_section][et_pb_section fb_built=&#8220;1&#8243; _builder_version=&#8220;4.27.5&#8243; _module_preset=&#8220;default&#8220; background_color=&#8220;#F2F2F2&#8243; custom_padding_phone=&#8220;70px||70px||true|false&#8220; hover_enabled=&#8220;0&#8243; global_colors_info=&#8220;{}&#8220; theme_builder_area=&#8220;post_content&#8220; sticky_enabled=&#8220;0&#8243;][et_pb_row _builder_version=&#8220;4.19.4&#8243; _module_preset=&#8220;default&#8220; global_colors_info=&#8220;{}&#8220; theme_builder_area=&#8220;post_content&#8220;][et_pb_column type=&#8220;4_4&#8243; _builder_version=&#8220;4.19.4&#8243; _module_preset=&#8220;default&#8220; global_colors_info=&#8220;{}&#8220; theme_builder_area=&#8220;post_content&#8220;][et_pb_text _builder_version=&#8220;4.27.4&#8243; _module_preset=&#8220;default&#8220; header_text_align=&#8220;left&#8220; header_2_text_align=&#8220;left&#8220; custom_margin=&#8220;||0px||false|false&#8220; custom_padding=&#8220;||50px||false|false&#8220; custom_padding_tablet=&#8220;||||false|false&#8220; custom_padding_phone=&#8220;||||false|false&#8220; custom_padding_last_edited=&#8220;off|desktop&#8220; global_colors_info=&#8220;{}&#8220; theme_builder_area=&#8220;post_content&#8220;]<\/p>\n<h2>Das k\u00f6nnte Sie auch interessieren:<\/h2>\n<p>[\/et_pb_text][et_pb_dp_dmb_module_449 _builder_version=&#8220;4.19.4&#8243; _module_preset=&#8220;default&#8220; locked=&#8220;off&#8220; global_colors_info=&#8220;{}&#8220; theme_builder_area=&#8220;post_content&#8220;][et_pb_dp_dmb_module_449_item titel=&#8220;IO-Module&#8220; icon=&#8220;https:\/\/deos-ag.com\/wp-content\/uploads\/2023\/02\/deos-ag-icons-io-modul.svg&#8220; link=&#8220;https:\/\/deos-ag.com\/produkte\/io-module\/&#8220; btn_text=&#8220;Mehr erfahren&#8220; _builder_version=&#8220;4.19.4&#8243; _module_preset=&#8220;default&#8220; global_colors_info=&#8220;{}&#8220; theme_builder_area=&#8220;post_content&#8220;]<\/p>\n<p>Die optimale Erweiterung f\u00fcr unsere DDC-Controller. Mit einer Vielzahl an IO-Modulen finden Sie stets das passende Modul f\u00fcr Ihr individuelles Vorhaben.<\/p>\n<p>[\/et_pb_dp_dmb_module_449_item][et_pb_dp_dmb_module_449_item titel=&#8220;Onboard-GLT OPENview&#8220; icon=&#8220;https:\/\/deos-ag.com\/wp-content\/uploads\/2023\/02\/deos-ag-icons-OPENview.svg&#8220; link=&#8220;https:\/\/deos-ag.com\/produkte\/ddc-controller\/openview\/&#8220; btn_text=&#8220;Mehr erfahren&#8220; _builder_version=&#8220;4.19.4&#8243; _module_preset=&#8220;default&#8220; global_colors_info=&#8220;{}&#8220; theme_builder_area=&#8220;post_content&#8220;]<\/p>\n<p>Mit OPENview, der integrierten GLT auf unseren Controllern, behalten Sie Ihre geb\u00e4udetechnischen Anlagen stets im Blick.<\/p>\n<p>[\/et_pb_dp_dmb_module_449_item][et_pb_dp_dmb_module_449_item titel=&#8220;Geb\u00e4udeleittechnik OPENweb&#8220; icon=&#8220;https:\/\/deos-ag.com\/wp-content\/uploads\/2023\/02\/deos-ag-icons-OPENweb.svg&#8220; link=&#8220;https:\/\/deos-ag.com\/produkte\/management-software\/openweb\/&#8220; btn_text=&#8220;Mehr erfahren&#8220; _builder_version=&#8220;4.19.4&#8243; _module_preset=&#8220;default&#8220; global_colors_info=&#8220;{}&#8220; theme_builder_area=&#8220;post_content&#8220;]<\/p>\n<p>Behalten Sie mit unserer B-AWS zertifizierten BACnet Geb\u00e4udeleittechnik OPEN<em>web<\/em> Ihre geb\u00e4udetechnischen Anlagen stets im Blick. Unsere GLT gibt es auch in der Cloud mit noch mehr Vorteilen.<\/p>\n<p>[\/et_pb_dp_dmb_module_449_item][\/et_pb_dp_dmb_module_449][\/et_pb_column][\/et_pb_row][\/et_pb_section]<\/p>\n","protected":false},"excerpt":{"rendered":"","protected":false},"featured_media":62035,"parent":72552,"menu_order":11,"template":"","meta":{"_acf_changed":false,"_et_pb_use_builder":"on","_et_pb_old_content":"","_et_gb_content_width":"","footnotes":""},"class_list":["post-62014","produkte","type-produkte","status-publish","has-post-thumbnail","hentry"],"acf":[],"yoast_head":"<!-- This site is optimized with the Yoast SEO plugin v27.9 - https:\/\/yoast.com\/product\/yoast-seo-wordpress\/ -->\n<title>Kompakter L\u00fcftungsregler: Corrigo DDC-Controller f\u00fcr die GA<\/title>\n<meta name=\"description\" content=\"Effiziente Bel\u00fcftungskontrolle \u2713 Konfigurierbar \u2713 Optimale Raumluftqualit\u00e4t und Energieeinsparung \u2713 Integration in ein SCADA-System \u2713\u25baJetzt informieren!\" \/>\n<meta name=\"robots\" content=\"index, follow, max-snippet:-1, max-image-preview:large, max-video-preview:-1\" \/>\n<link rel=\"canonical\" href=\"https:\/\/www.deos-ag.com\/de\/produkte\/kompaktregler\/kompakter-lueftungsregler-corrigo\/\" \/>\n<meta property=\"og:locale\" content=\"de_DE\" \/>\n<meta property=\"og:type\" content=\"article\" \/>\n<meta property=\"og:title\" content=\"Kompakter L\u00fcftungsregler: Corrigo DDC-Controller f\u00fcr die GA\" \/>\n<meta property=\"og:description\" content=\"Effiziente Bel\u00fcftungskontrolle \u2713 Konfigurierbar \u2713 Optimale Raumluftqualit\u00e4t und Energieeinsparung \u2713 Integration in ein SCADA-System \u2713\u25baJetzt informieren!\" \/>\n<meta property=\"og:url\" content=\"https:\/\/www.deos-ag.com\/de\/produkte\/kompaktregler\/kompakter-lueftungsregler-corrigo\/\" \/>\n<meta property=\"og:site_name\" content=\"DEOS AG\" \/>\n<meta property=\"article:modified_time\" content=\"2026-05-11T09:41:42+00:00\" \/>\n<meta property=\"og:image\" content=\"https:\/\/www.deos-ag.com\/wp-content\/uploads\/deos-ag-corrigo-corrigo_ardo_2.1.webp\" \/>\n\t<meta property=\"og:image:width\" content=\"1000\" \/>\n\t<meta property=\"og:image:height\" content=\"750\" \/>\n\t<meta property=\"og:image:type\" content=\"image\/png\" \/>\n<meta name=\"twitter:card\" content=\"summary_large_image\" \/>\n<meta name=\"twitter:label1\" content=\"Gesch\u00e4tzte Lesezeit\" \/>\n\t<meta name=\"twitter:data1\" content=\"5\u00a0Minuten\" \/>\n<script type=\"application\/ld+json\" class=\"yoast-schema-graph\">{\"@context\":\"https:\\\/\\\/schema.org\",\"@graph\":[{\"@type\":\"WebPage\",\"@id\":\"https:\\\/\\\/www.deos-ag.com\\\/de\\\/produkte\\\/kompaktregler\\\/kompakter-lueftungsregler-corrigo\\\/\",\"url\":\"https:\\\/\\\/www.deos-ag.com\\\/de\\\/produkte\\\/kompaktregler\\\/kompakter-lueftungsregler-corrigo\\\/\",\"name\":\"Kompakter L\u00fcftungsregler: Corrigo DDC-Controller f\u00fcr die GA\",\"isPartOf\":{\"@id\":\"https:\\\/\\\/www.deos-ag.com\\\/de\\\/#website\"},\"primaryImageOfPage\":{\"@id\":\"https:\\\/\\\/www.deos-ag.com\\\/de\\\/produkte\\\/kompaktregler\\\/kompakter-lueftungsregler-corrigo\\\/#primaryimage\"},\"image\":{\"@id\":\"https:\\\/\\\/www.deos-ag.com\\\/de\\\/produkte\\\/kompaktregler\\\/kompakter-lueftungsregler-corrigo\\\/#primaryimage\"},\"thumbnailUrl\":\"https:\\\/\\\/www.deos-ag.com\\\/wp-content\\\/uploads\\\/deos-ag-corrigo-corrigo_ardo_2.1.webp\",\"datePublished\":\"2023-03-12T11:28:43+00:00\",\"dateModified\":\"2026-05-11T09:41:42+00:00\",\"description\":\"Effiziente Bel\u00fcftungskontrolle \u2713 Konfigurierbar \u2713 Optimale Raumluftqualit\u00e4t und Energieeinsparung \u2713 Integration in ein SCADA-System \u2713\u25baJetzt informieren!\",\"breadcrumb\":{\"@id\":\"https:\\\/\\\/www.deos-ag.com\\\/de\\\/produkte\\\/kompaktregler\\\/kompakter-lueftungsregler-corrigo\\\/#breadcrumb\"},\"inLanguage\":\"de\",\"potentialAction\":[{\"@type\":\"ReadAction\",\"target\":[\"https:\\\/\\\/www.deos-ag.com\\\/de\\\/produkte\\\/kompaktregler\\\/kompakter-lueftungsregler-corrigo\\\/\"]}]},{\"@type\":\"ImageObject\",\"inLanguage\":\"de\",\"@id\":\"https:\\\/\\\/www.deos-ag.com\\\/de\\\/produkte\\\/kompaktregler\\\/kompakter-lueftungsregler-corrigo\\\/#primaryimage\",\"url\":\"https:\\\/\\\/www.deos-ag.com\\\/wp-content\\\/uploads\\\/deos-ag-corrigo-corrigo_ardo_2.1.webp\",\"contentUrl\":\"https:\\\/\\\/www.deos-ag.com\\\/wp-content\\\/uploads\\\/deos-ag-corrigo-corrigo_ardo_2.1.webp\",\"width\":1000,\"height\":750,\"caption\":\"DEOS Corrigo L\u00fcftungsregler\"},{\"@type\":\"BreadcrumbList\",\"@id\":\"https:\\\/\\\/www.deos-ag.com\\\/de\\\/produkte\\\/kompaktregler\\\/kompakter-lueftungsregler-corrigo\\\/#breadcrumb\",\"itemListElement\":[{\"@type\":\"ListItem\",\"position\":1,\"name\":\"Referenzen\",\"item\":\"https:\\\/\\\/www.deos-ag.com\\\/de\\\/referenzen\\\/\"},{\"@type\":\"ListItem\",\"position\":2,\"name\":\"Kompakter L\u00fcftungsregler Corrigo\"}]},{\"@type\":\"WebSite\",\"@id\":\"https:\\\/\\\/www.deos-ag.com\\\/de\\\/#website\",\"url\":\"https:\\\/\\\/www.deos-ag.com\\\/de\\\/\",\"name\":\"DEOS AG\",\"description\":\"\",\"publisher\":{\"@id\":\"https:\\\/\\\/www.deos-ag.com\\\/de\\\/#organization\"},\"potentialAction\":[{\"@type\":\"SearchAction\",\"target\":{\"@type\":\"EntryPoint\",\"urlTemplate\":\"https:\\\/\\\/www.deos-ag.com\\\/de\\\/?s={search_term_string}\"},\"query-input\":{\"@type\":\"PropertyValueSpecification\",\"valueRequired\":true,\"valueName\":\"search_term_string\"}}],\"inLanguage\":\"de\"},{\"@type\":\"Organization\",\"@id\":\"https:\\\/\\\/www.deos-ag.com\\\/de\\\/#organization\",\"name\":\"DEOS AG\",\"alternateName\":\"DEOS\",\"url\":\"https:\\\/\\\/www.deos-ag.com\\\/de\\\/\",\"logo\":{\"@type\":\"ImageObject\",\"inLanguage\":\"de\",\"@id\":\"https:\\\/\\\/www.deos-ag.com\\\/de\\\/#\\\/schema\\\/logo\\\/image\\\/\",\"url\":\"https:\\\/\\\/deos-ag.com\\\/wp-content\\\/uploads\\\/2022\\\/12\\\/logo.svg\",\"contentUrl\":\"https:\\\/\\\/deos-ag.com\\\/wp-content\\\/uploads\\\/2022\\\/12\\\/logo.svg\",\"width\":1,\"height\":1,\"caption\":\"DEOS AG\"},\"image\":{\"@id\":\"https:\\\/\\\/www.deos-ag.com\\\/de\\\/#\\\/schema\\\/logo\\\/image\\\/\"},\"sameAs\":[\"https:\\\/\\\/www.xing.com\\\/companies\\\/deosag\",\"https:\\\/\\\/de.linkedin.com\\\/company\\\/deos-ag\",\"https:\\\/\\\/www.youtube.com\\\/user\\\/DEOSAG\"]}]}<\/script>\n<!-- \/ Yoast SEO plugin. -->","yoast_head_json":{"title":"Kompakter L\u00fcftungsregler: Corrigo DDC-Controller f\u00fcr die GA","description":"Effiziente Bel\u00fcftungskontrolle \u2713 Konfigurierbar \u2713 Optimale Raumluftqualit\u00e4t und Energieeinsparung \u2713 Integration in ein SCADA-System \u2713\u25baJetzt informieren!","robots":{"index":"index","follow":"follow","max-snippet":"max-snippet:-1","max-image-preview":"max-image-preview:large","max-video-preview":"max-video-preview:-1"},"canonical":"https:\/\/www.deos-ag.com\/de\/produkte\/kompaktregler\/kompakter-lueftungsregler-corrigo\/","og_locale":"de_DE","og_type":"article","og_title":"Kompakter L\u00fcftungsregler: Corrigo DDC-Controller f\u00fcr die GA","og_description":"Effiziente Bel\u00fcftungskontrolle \u2713 Konfigurierbar \u2713 Optimale Raumluftqualit\u00e4t und Energieeinsparung \u2713 Integration in ein SCADA-System \u2713\u25baJetzt informieren!","og_url":"https:\/\/www.deos-ag.com\/de\/produkte\/kompaktregler\/kompakter-lueftungsregler-corrigo\/","og_site_name":"DEOS AG","article_modified_time":"2026-05-11T09:41:42+00:00","og_image":[{"width":1000,"height":750,"url":"https:\/\/www.deos-ag.com\/wp-content\/uploads\/deos-ag-corrigo-corrigo_ardo_2.1.webp","type":"image\/png"}],"twitter_card":"summary_large_image","twitter_misc":{"Gesch\u00e4tzte Lesezeit":"5\u00a0Minuten"},"schema":{"@context":"https:\/\/schema.org","@graph":[{"@type":"WebPage","@id":"https:\/\/www.deos-ag.com\/de\/produkte\/kompaktregler\/kompakter-lueftungsregler-corrigo\/","url":"https:\/\/www.deos-ag.com\/de\/produkte\/kompaktregler\/kompakter-lueftungsregler-corrigo\/","name":"Kompakter L\u00fcftungsregler: Corrigo DDC-Controller f\u00fcr die GA","isPartOf":{"@id":"https:\/\/www.deos-ag.com\/de\/#website"},"primaryImageOfPage":{"@id":"https:\/\/www.deos-ag.com\/de\/produkte\/kompaktregler\/kompakter-lueftungsregler-corrigo\/#primaryimage"},"image":{"@id":"https:\/\/www.deos-ag.com\/de\/produkte\/kompaktregler\/kompakter-lueftungsregler-corrigo\/#primaryimage"},"thumbnailUrl":"https:\/\/www.deos-ag.com\/wp-content\/uploads\/deos-ag-corrigo-corrigo_ardo_2.1.webp","datePublished":"2023-03-12T11:28:43+00:00","dateModified":"2026-05-11T09:41:42+00:00","description":"Effiziente Bel\u00fcftungskontrolle \u2713 Konfigurierbar \u2713 Optimale Raumluftqualit\u00e4t und Energieeinsparung \u2713 Integration in ein SCADA-System \u2713\u25baJetzt informieren!","breadcrumb":{"@id":"https:\/\/www.deos-ag.com\/de\/produkte\/kompaktregler\/kompakter-lueftungsregler-corrigo\/#breadcrumb"},"inLanguage":"de","potentialAction":[{"@type":"ReadAction","target":["https:\/\/www.deos-ag.com\/de\/produkte\/kompaktregler\/kompakter-lueftungsregler-corrigo\/"]}]},{"@type":"ImageObject","inLanguage":"de","@id":"https:\/\/www.deos-ag.com\/de\/produkte\/kompaktregler\/kompakter-lueftungsregler-corrigo\/#primaryimage","url":"https:\/\/www.deos-ag.com\/wp-content\/uploads\/deos-ag-corrigo-corrigo_ardo_2.1.webp","contentUrl":"https:\/\/www.deos-ag.com\/wp-content\/uploads\/deos-ag-corrigo-corrigo_ardo_2.1.webp","width":1000,"height":750,"caption":"DEOS Corrigo L\u00fcftungsregler"},{"@type":"BreadcrumbList","@id":"https:\/\/www.deos-ag.com\/de\/produkte\/kompaktregler\/kompakter-lueftungsregler-corrigo\/#breadcrumb","itemListElement":[{"@type":"ListItem","position":1,"name":"Referenzen","item":"https:\/\/www.deos-ag.com\/de\/referenzen\/"},{"@type":"ListItem","position":2,"name":"Kompakter L\u00fcftungsregler Corrigo"}]},{"@type":"WebSite","@id":"https:\/\/www.deos-ag.com\/de\/#website","url":"https:\/\/www.deos-ag.com\/de\/","name":"DEOS AG","description":"","publisher":{"@id":"https:\/\/www.deos-ag.com\/de\/#organization"},"potentialAction":[{"@type":"SearchAction","target":{"@type":"EntryPoint","urlTemplate":"https:\/\/www.deos-ag.com\/de\/?s={search_term_string}"},"query-input":{"@type":"PropertyValueSpecification","valueRequired":true,"valueName":"search_term_string"}}],"inLanguage":"de"},{"@type":"Organization","@id":"https:\/\/www.deos-ag.com\/de\/#organization","name":"DEOS AG","alternateName":"DEOS","url":"https:\/\/www.deos-ag.com\/de\/","logo":{"@type":"ImageObject","inLanguage":"de","@id":"https:\/\/www.deos-ag.com\/de\/#\/schema\/logo\/image\/","url":"https:\/\/deos-ag.com\/wp-content\/uploads\/2022\/12\/logo.svg","contentUrl":"https:\/\/deos-ag.com\/wp-content\/uploads\/2022\/12\/logo.svg","width":1,"height":1,"caption":"DEOS AG"},"image":{"@id":"https:\/\/www.deos-ag.com\/de\/#\/schema\/logo\/image\/"},"sameAs":["https:\/\/www.xing.com\/companies\/deosag","https:\/\/de.linkedin.com\/company\/deos-ag","https:\/\/www.youtube.com\/user\/DEOSAG"]}]}},"_links":{"self":[{"href":"https:\/\/www.deos-ag.com\/de\/wp-json\/wp\/v2\/produkte\/62014","targetHints":{"allow":["GET"]}}],"collection":[{"href":"https:\/\/www.deos-ag.com\/de\/wp-json\/wp\/v2\/produkte"}],"about":[{"href":"https:\/\/www.deos-ag.com\/de\/wp-json\/wp\/v2\/types\/produkte"}],"version-history":[{"count":0,"href":"https:\/\/www.deos-ag.com\/de\/wp-json\/wp\/v2\/produkte\/62014\/revisions"}],"up":[{"embeddable":true,"href":"https:\/\/www.deos-ag.com\/de\/wp-json\/wp\/v2\/produkte\/72552"}],"wp:featuredmedia":[{"embeddable":true,"href":"https:\/\/www.deos-ag.com\/de\/wp-json\/wp\/v2\/media\/62035"}],"wp:attachment":[{"href":"https:\/\/www.deos-ag.com\/de\/wp-json\/wp\/v2\/media?parent=62014"}],"curies":[{"name":"wp","href":"https:\/\/api.w.org\/{rel}","templated":true}]}}